{"version":"1.0","provider_name":"Der Personalist","provider_url":"https:\/\/derpersonalist.com\/en","author_name":"Andy.Peter","author_url":"https:\/\/derpersonalist.com\/en\/author\/andy-peter\/","title":"Gestalten. F\u00fchren. Weiterentwickeln. \u2013 Leitung Buchhaltung in einer modernen Steuerberatungskanzlei (m\/w\/d) - Der Personalist","type":"rich","width":600,"height":338,"html":"<blockquote class=\"wp-embedded-content\" data-secret=\"4JdF2eH8ft\"><a href=\"https:\/\/derpersonalist.com\/en\/koordinatorin-buchhaltung\/\">Gestalten. F\u00fchren. Weiterentwickeln. \u2013 Leitung Buchhaltung in einer modernen Steuerberatungskanzlei (m\/w\/d)<\/a><\/blockquote><iframe sandbox=\"allow-scripts\" security=\"restricted\" src=\"https:\/\/derpersonalist.com\/en\/koordinatorin-buchhaltung\/embed\/#?secret=4JdF2eH8ft\" width=\"600\" height=\"338\" title=\"&#8220;Gestalten. F\u00fchren. Weiterentwickeln. \u2013 Leitung Buchhaltung in einer modernen Steuerberatungskanzlei (m\/w\/d)&#8221; &#8212; Der Personalist\" data-secret=\"4JdF2eH8ft\" frameborder=\"0\" marginwidth=\"0\" marginheight=\"0\" scrolling=\"no\" class=\"wp-embedded-content\"><\/iframe><script>\n\/*! This file is auto-generated *\/\n!function(d,l){\"use strict\";l.querySelector&&d.addEventListener&&\"undefined\"!=typeof URL&&(d.wp=d.wp||{},d.wp.receiveEmbedMessage||(d.wp.receiveEmbedMessage=function(e){var t=e.data;if((t||t.secret||t.message||t.value)&&!\/[^a-zA-Z0-9]\/.test(t.secret)){for(var s,r,n,a=l.querySelectorAll('iframe[data-secret=\"'+t.secret+'\"]'),o=l.querySelectorAll('blockquote[data-secret=\"'+t.secret+'\"]'),c=new RegExp(\"^https?:$\",\"i\"),i=0;i<o.length;i++)o[i].style.display=\"none\";for(i=0;i<a.length;i++)s=a[i],e.source===s.contentWindow&&(s.removeAttribute(\"style\"),\"height\"===t.message?(1e3<(r=parseInt(t.value,10))?r=1e3:~~r<200&&(r=200),s.height=r):\"link\"===t.message&&(r=new URL(s.getAttribute(\"src\")),n=new URL(t.value),c.test(n.protocol))&&n.host===r.host&&l.activeElement===s&&(d.top.location.href=t.value))}},d.addEventListener(\"message\",d.wp.receiveEmbedMessage,!1),l.addEventListener(\"DOMContentLoaded\",function(){for(var e,t,s=l.querySelectorAll(\"iframe.wp-embedded-content\"),r=0;r<s.length;r++)(t=(e=s[r]).getAttribute(\"data-secret\"))||(t=Math.random().toString(36).substring(2,12),e.src+=\"#?secret=\"+t,e.setAttribute(\"data-secret\",t)),e.contentWindow.postMessage({message:\"ready\",secret:t},\"*\")},!1)))}(window,document);\n\/\/# sourceURL=https:\/\/derpersonalist.com\/wp-includes\/js\/wp-embed.min.js\n<\/script>","thumbnail_url":"https:\/\/derpersonalist.com\/wp-content\/uploads\/2021\/07\/sekretaerin-managerin.jpg","thumbnail_width":1280,"thumbnail_height":800,"description":"\ud83d\udccd Standort: 1090 Wien\ud83d\udcb6 Gehalt: ab EUR 4.000,&#8211; brutto\/Monat (Vollzeitbasis), je nach Qualifikation und Erfahrung Sie denken buchhalterisch, handeln unternehmerisch und f\u00fchren menschlich? Dann wartet eine verantwortungsvolle F\u00fchrungsrolle in einem dynamischen Umfeld auf Sie! F\u00fcr eine etablierte Steuerberatungskanzlei im Herzen Wiens suchen wir eine erfahrene Pers\u00f6nlichkeit zur Leitung der Buchhaltungsabteilung mit einem aktuell f\u00fcnfk\u00f6pfigen, wachsendem ... Read more"}